{"id":48858,"date":"2023-07-16T19:05:06","date_gmt":"2023-07-16T18:05:06","guid":{"rendered":"https:\/\/motovunfilmfestival.com\/?page_id=48858"},"modified":"2023-07-17T11:00:44","modified_gmt":"2023-07-17T10:00:44","slug":"zdenko-jelcic-50-years","status":"publish","type":"page","link":"https:\/\/cinehill.eu\/en\/zdenko-jelcic-50-years\/","title":{"rendered":"Zdenko Jel\u010di\u0107: 50 years"},"content":{"rendered":"\t\t<div data-elementor-type=\"wp-post\" data-elementor-id=\"48858\" class=\"elementor elementor-48858\" data-elementor-post-type=\"page\">\n\t\t\t\t\t\t<section class=\"elementor-section elementor-top-section elementor-element elementor-element-26c92191 elementor-section-boxed elementor-section-height-default elementor-section-height-default\" data-id=\"26c92191\" data-element_type=\"section\" data-e-type=\"section\">\n\t\t\t\t\t\t<div class=\"elementor-container elementor-column-gap-default\">\n\t\t\t\t\t<div class=\"elementor-column elementor-col-100 elementor-top-column elementor-element elementor-element-2a953adf\" data-id=\"2a953adf\" data-element_type=\"column\" data-e-type=\"column\">\n\t\t\t<div class=\"elementor-widget-wrap elementor-element-populated\">\n\t\t\t\t\t\t<div class=\"elementor-element elementor-element-3a44a1b8 elementor-headline--style-highlight elementor-widget elementor-widget-animated-headline\" data-id=\"3a44a1b8\" data-element_type=\"widget\" data-e-type=\"widget\" data-settings=\"{&quot;highlighted_text&quot;:&quot;Zdenko Jel\\u010di\\u0107: 50 years award&quot;,&quot;headline_style&quot;:&quot;highlight&quot;,&quot;marker&quot;:&quot;circle&quot;,&quot;loop&quot;:&quot;yes&quot;,&quot;highlight_animation_duration&quot;:1200,&quot;highlight_iteration_delay&quot;:8000}\" data-widget_type=\"animated-headline.default\">\n\t\t\t\t<div class=\"elementor-widget-container\">\n\t\t\t\t\t\t\t<h3 class=\"elementor-headline\">\n\t\t\t\t\t<span class=\"elementor-headline-plain-text elementor-headline-text-wrapper\">MFF-2023 -<\/span>\n\t\t\t\t<span class=\"elementor-headline-dynamic-wrapper elementor-headline-text-wrapper\">\n\t\t\t\t\t<span class=\"elementor-headline-dynamic-text elementor-headline-text-active\">Zdenko Jel\u010di\u0107: 50 years award<\/span>\n\t\t\t\t<\/span>\n\t\t\t\t<\/h3>\n\t\t\t\t\t\t<\/div>\n\t\t\t\t<\/div>\n\t\t\t\t<div class=\"elementor-element elementor-element-449168e5 elementor-widget-divider--view-line elementor-widget elementor-widget-divider\" data-id=\"449168e5\" data-element_type=\"widget\" data-e-type=\"widget\" data-widget_type=\"divider.default\">\n\t\t\t\t<div class=\"elementor-widget-container\">\n\t\t\t\t\t\t\t<div class=\"elementor-divider\">\n\t\t\t<span class=\"elementor-divider-separator\">\n\t\t\t\t\t\t<\/span>\n\t\t<\/div>\n\t\t\t\t\t\t<\/div>\n\t\t\t\t<\/div>\n\t\t\t\t<div class=\"elementor-element elementor-element-fc542e9 elementor-hidden-desktop elementor-hidden-tablet elementor-hidden-mobile elementor-widget elementor-widget-heading\" data-id=\"fc542e9\" data-element_type=\"widget\" data-e-type=\"widget\" data-widget_type=\"heading.default\">\n\t\t\t\t<div class=\"elementor-widget-container\">\n\t\t\t\t\t<h2 class=\"elementor-heading-title elementor-size-default\">Program \u0107e biti objavljen u srpnju.<\/h2>\t\t\t\t<\/div>\n\t\t\t\t<\/div>\n\t\t\t\t\t<\/div>\n\t\t<\/div>\n\t\t\t\t\t<\/div>\n\t\t<\/section>\n\t\t\t\t<section class=\"elementor-section elementor-top-section elementor-element elementor-element-68d6b0a0 elementor-section-full_width elementor-section-height-default elementor-section-height-default\" data-id=\"68d6b0a0\" data-element_type=\"section\" data-e-type=\"section\">\n\t\t\t\t\t\t<div class=\"elementor-container elementor-column-gap-wider\">\n\t\t\t\t\t<div class=\"elementor-column elementor-col-100 elementor-top-column elementor-element elementor-element-3ff7414f\" data-id=\"3ff7414f\" data-element_type=\"column\" data-e-type=\"column\">\n\t\t\t<div class=\"elementor-widget-wrap elementor-element-populated\">\n\t\t\t\t\t\t<div class=\"elementor-element elementor-element-79986890 elementor-grid-4 elementor-grid-tablet-3 elementor-grid-mobile-1 elementor-posts--thumbnail-top elementor-card-shadow-yes elementor-posts__hover-gradient elementor-widget elementor-widget-posts\" data-id=\"79986890\" data-element_type=\"widget\" data-e-type=\"widget\" data-settings=\"{&quot;cards_columns&quot;:&quot;4&quot;,&quot;cards_columns_tablet&quot;:&quot;3&quot;,&quot;cards_row_gap&quot;:{&quot;unit&quot;:&quot;px&quot;,&quot;size&quot;:30,&quot;sizes&quot;:[]},&quot;cards_columns_mobile&quot;:&quot;1&quot;,&quot;cards_row_gap_tablet&quot;:{&quot;unit&quot;:&quot;px&quot;,&quot;size&quot;:&quot;&quot;,&quot;sizes&quot;:[]},&quot;cards_row_gap_mobile&quot;:{&quot;unit&quot;:&quot;px&quot;,&quot;size&quot;:&quot;&quot;,&quot;sizes&quot;:[]}}\" data-widget_type=\"posts.cards\">\n\t\t\t\t<div class=\"elementor-widget-container\">\n\t\t\t\t\t\t\t<div class=\"elementor-posts-container elementor-posts elementor-posts--skin-cards elementor-grid\" role=\"list\">\n\t\t\t\t<article class=\"elementor-post elementor-grid-item post-48792 film type-film status-publish format-standard has-post-thumbnail hentry kategorije_filmova-mff-2023-en kategorije_filmova-side-program-en kategorije_filmova-zdenko-jelcic-50-years-award\" role=\"listitem\">\n\t\t\t<div class=\"elementor-post__card\">\n\t\t\t\t<a class=\"elementor-post__thumbnail__link\" href=\"https:\/\/cinehill.eu\/en\/film\/carbide\/\" tabindex=\"-1\" ><div class=\"elementor-post__thumbnail\"><img fetchpriority=\"high\" decoding=\"async\" width=\"768\" height=\"321\" src=\"https:\/\/cinehill.eu\/wp-content\/uploads\/2023\/07\/Garbura_2-768x321.jpg\" class=\"attachment-medium_large size-medium_large wp-image-48758\" alt=\"\" srcset=\"https:\/\/cinehill.eu\/wp-content\/uploads\/2023\/07\/Garbura_2-768x321.jpg 768w, https:\/\/cinehill.eu\/wp-content\/uploads\/2023\/07\/Garbura_2-300x125.jpg 300w, https:\/\/cinehill.eu\/wp-content\/uploads\/2023\/07\/Garbura_2-1024x428.jpg 1024w, https:\/\/cinehill.eu\/wp-content\/uploads\/2023\/07\/Garbura_2-1536x642.jpg 1536w, https:\/\/cinehill.eu\/wp-content\/uploads\/2023\/07\/Garbura_2-2048x857.jpg 2048w\" sizes=\"(max-width: 768px) 100vw, 768px\" data-id=\"48758\" \/><\/div><\/a>\n\t\t\t\t<div class=\"elementor-post__text\">\n\t\t\t\t<h3 class=\"elementor-post__title\">\n\t\t\t<a href=\"https:\/\/cinehill.eu\/en\/film\/carbide\/\" >\n\t\t\t\tCarbide\t\t\t<\/a>\n\t\t<\/h3>\n\t\t\t\t<div class=\"elementor-post__excerpt\">\n\t\t\t<p>28.7 | FRIDAY | 14:00 Twelve-year-olds Nikola and Antonio live next door to each other and are inseparable. Their families,<\/p>\n\t\t<\/div>\n\t\t\n\t\t<a class=\"elementor-post__read-more\" href=\"https:\/\/cinehill.eu\/en\/film\/carbide\/\" aria-label=\"Read more about Carbide\" tabindex=\"-1\" >\n\t\t\tVI\u0160E \u00bb\t\t<\/a>\n\n\t\t\t\t<\/div>\n\t\t\t\t\t<\/div>\n\t\t<\/article>\n\t\t\t\t<article class=\"elementor-post elementor-grid-item post-48794 film type-film status-publish format-standard has-post-thumbnail hentry kategorije_filmova-mff-2023-en kategorije_filmova-side-program-en kategorije_filmova-zdenko-jelcic-50-years-award\" role=\"listitem\">\n\t\t\t<div class=\"elementor-post__card\">\n\t\t\t\t<a class=\"elementor-post__thumbnail__link\" href=\"https:\/\/cinehill.eu\/en\/film\/kapelski-kresovi-episode-4-louisiana-louisiana-who-do-you-belong-to\/\" tabindex=\"-1\" ><div class=\"elementor-post__thumbnail\"><img decoding=\"async\" width=\"768\" height=\"428\" src=\"https:\/\/cinehill.eu\/wp-content\/uploads\/2023\/07\/kapelski-kresovi-768x428.png\" class=\"attachment-medium_large size-medium_large wp-image-48749\" alt=\"\" srcset=\"https:\/\/cinehill.eu\/wp-content\/uploads\/2023\/07\/kapelski-kresovi-768x428.png 768w, https:\/\/cinehill.eu\/wp-content\/uploads\/2023\/07\/kapelski-kresovi-300x167.png 300w, https:\/\/cinehill.eu\/wp-content\/uploads\/2023\/07\/kapelski-kresovi-1024x570.png 1024w, https:\/\/cinehill.eu\/wp-content\/uploads\/2023\/07\/kapelski-kresovi.png 1040w\" sizes=\"(max-width: 768px) 100vw, 768px\" data-id=\"48749\" \/><\/div><\/a>\n\t\t\t\t<div class=\"elementor-post__text\">\n\t\t\t\t<h3 class=\"elementor-post__title\">\n\t\t\t<a href=\"https:\/\/cinehill.eu\/en\/film\/kapelski-kresovi-episode-4-louisiana-louisiana-who-do-you-belong-to\/\" >\n\t\t\t\tKapelski kresovi \u2013 Episode 4: Louisiana, Louisiana, Who Do You Belong To?\t\t\t<\/a>\n\t\t<\/h3>\n\t\t\t\t<div class=\"elementor-post__excerpt\">\n\t\t\t<p>25.7 | TUESDAY | 21:00 The series is based on historical events and personalities from Gorski Kotar and the Croatian<\/p>\n\t\t<\/div>\n\t\t\n\t\t<a class=\"elementor-post__read-more\" href=\"https:\/\/cinehill.eu\/en\/film\/kapelski-kresovi-episode-4-louisiana-louisiana-who-do-you-belong-to\/\" aria-label=\"Read more about Kapelski kresovi \u2013 Episode 4: Louisiana, Louisiana, Who Do You Belong To?\" tabindex=\"-1\" >\n\t\t\tVI\u0160E \u00bb\t\t<\/a>\n\n\t\t\t\t<\/div>\n\t\t\t\t\t<\/div>\n\t\t<\/article>\n\t\t\t\t<\/div>\n\t\t\n\t\t\t\t\t\t<\/div>\n\t\t\t\t<\/div>\n\t\t\t\t<div class=\"elementor-element elementor-element-7d431204 elementor-align-center elementor-hidden-desktop elementor-hidden-tablet elementor-hidden-phone elementor-widget elementor-widget-button\" data-id=\"7d431204\" data-element_type=\"widget\" data-e-type=\"widget\" data-widget_type=\"button.default\">\n\t\t\t\t<div class=\"elementor-widget-container\">\n\t\t\t\t\t\t\t\t\t<div class=\"elementor-button-wrapper\">\n\t\t\t\t\t<a class=\"elementor-button elementor-button-link elementor-size-sm\" href=\"https:\/\/motovunfilmfestival.com\/kategorije_filmova\/glavni-program-10\/\">\n\t\t\t\t\t\t<span class=\"elementor-button-content-wrapper\">\n\t\t\t\t\t\t\t\t\t<span class=\"elementor-button-text\">Prika\u017ei sve &gt;&gt;<\/span>\n\t\t\t\t\t<\/span>\n\t\t\t\t\t<\/a>\n\t\t\t\t<\/div>\n\t\t\t\t\t\t\t\t<\/div>\n\t\t\t\t<\/div>\n\t\t\t\t\t<\/div>\n\t\t<\/div>\n\t\t\t\t\t<\/div>\n\t\t<\/section>\n\t\t\t\t<\/div>\n\t\t","protected":false},"excerpt":{"rendered":"<p>MFF-2023 &#8211; Zdenko Jel\u010di\u0107: 50 years award Program \u0107e biti objavljen u srpnju. Prika\u017ei sve >><\/p>\n","protected":false},"author":1,"featured_media":0,"parent":0,"menu_order":0,"comment_status":"closed","ping_status":"closed","template":"elementor_header_footer","meta":{"_acf_changed":false,"_monsterinsights_skip_tracking":false,"_monsterinsights_sitenote_active":false,"_monsterinsights_sitenote_note":"","_monsterinsights_sitenote_category":0,"_view_id":"","footnotes":""},"class_list":["post-48858","page","type-page","status-publish","hentry"],"acf":[],"yoast_head":"<!-- This site is optimized with the Yoast SEO plugin v26.9 - https:\/\/yoast.com\/product\/yoast-seo-wordpress\/ -->\n<title>Zdenko Jel\u010di\u0107: 50 years - Cinehill Film Festival<\/title>\n<meta name=\"robots\" content=\"index, follow, max-snippet:-1, max-image-preview:large, max-video-preview:-1\" \/>\n<link rel=\"canonical\" href=\"https:\/\/cinehill.eu\/en\/zdenko-jelcic-50-years\/\" \/>\n<meta property=\"og:locale\" content=\"en_US\" \/>\n<meta property=\"og:type\" content=\"article\" \/>\n<meta property=\"og:title\" content=\"Zdenko Jel\u010di\u0107: 50 years - Cinehill Film Festival\" \/>\n<meta property=\"og:description\" content=\"MFF-2023 &#8211; Zdenko Jel\u010di\u0107: 50 years award Program \u0107e biti objavljen u srpnju. Prika\u017ei sve &gt;&gt;\" \/>\n<meta property=\"og:url\" content=\"https:\/\/cinehill.eu\/en\/zdenko-jelcic-50-years\/\" \/>\n<meta property=\"og:site_name\" content=\"Cinehill Film Festival\" \/>\n<meta property=\"article:publisher\" content=\"https:\/\/www.facebook.com\/MotovunFilmFestival\/\" \/>\n<meta property=\"article:modified_time\" content=\"2023-07-17T10:00:44+00:00\" \/>\n<meta property=\"og:image\" content=\"https:\/\/cinehill.eu\/wp-content\/uploads\/2024\/06\/cinehill-2024.png\" \/>\n\t<meta property=\"og:image:width\" content=\"804\" \/>\n\t<meta property=\"og:image:height\" content=\"443\" \/>\n\t<meta property=\"og:image:type\" content=\"image\/png\" \/>\n<meta name=\"twitter:card\" content=\"summary_large_image\" \/>\n<meta name=\"twitter:label1\" content=\"Est. reading time\" \/>\n\t<meta name=\"twitter:data1\" content=\"1 minute\" \/>\n<script type=\"application\/ld+json\" class=\"yoast-schema-graph\">{\"@context\":\"https:\/\/schema.org\",\"@graph\":[{\"@type\":\"WebPage\",\"@id\":\"https:\/\/cinehill.eu\/en\/zdenko-jelcic-50-years\/\",\"url\":\"https:\/\/cinehill.eu\/en\/zdenko-jelcic-50-years\/\",\"name\":\"Zdenko Jel\u010di\u0107: 50 years - Cinehill Film Festival\",\"isPartOf\":{\"@id\":\"https:\/\/cinehill.eu\/en\/#website\"},\"datePublished\":\"2023-07-16T18:05:06+00:00\",\"dateModified\":\"2023-07-17T10:00:44+00:00\",\"breadcrumb\":{\"@id\":\"https:\/\/cinehill.eu\/en\/zdenko-jelcic-50-years\/#breadcrumb\"},\"inLanguage\":\"en-US\",\"potentialAction\":[{\"@type\":\"ReadAction\",\"target\":[\"https:\/\/cinehill.eu\/en\/zdenko-jelcic-50-years\/\"]}]},{\"@type\":\"BreadcrumbList\",\"@id\":\"https:\/\/cinehill.eu\/en\/zdenko-jelcic-50-years\/#breadcrumb\",\"itemListElement\":[{\"@type\":\"ListItem\",\"position\":1,\"name\":\"Po\u010detna stranica\",\"item\":\"https:\/\/cinehill.eu\/en\/\"},{\"@type\":\"ListItem\",\"position\":2,\"name\":\"Zdenko Jel\u010di\u0107: 50 years\"}]},{\"@type\":\"WebSite\",\"@id\":\"https:\/\/cinehill.eu\/en\/#website\",\"url\":\"https:\/\/cinehill.eu\/en\/\",\"name\":\"Cinehill Film Festival\",\"description\":\"Cinehill je festival s du\u0161om!\",\"publisher\":{\"@id\":\"https:\/\/cinehill.eu\/en\/#organization\"},\"potentialAction\":[{\"@type\":\"SearchAction\",\"target\":{\"@type\":\"EntryPoint\",\"urlTemplate\":\"https:\/\/cinehill.eu\/en\/?s={search_term_string}\"},\"query-input\":{\"@type\":\"PropertyValueSpecification\",\"valueRequired\":true,\"valueName\":\"search_term_string\"}}],\"inLanguage\":\"en-US\"},{\"@type\":\"Organization\",\"@id\":\"https:\/\/cinehill.eu\/en\/#organization\",\"name\":\"Motovun film festival\",\"url\":\"https:\/\/cinehill.eu\/en\/\",\"logo\":{\"@type\":\"ImageObject\",\"inLanguage\":\"en-US\",\"@id\":\"https:\/\/cinehill.eu\/en\/#\/schema\/logo\/image\/\",\"url\":\"https:\/\/cinehill.eu\/wp-content\/uploads\/2019\/07\/znak-mff.png\",\"contentUrl\":\"https:\/\/cinehill.eu\/wp-content\/uploads\/2019\/07\/znak-mff.png\",\"width\":163,\"height\":164,\"caption\":\"Motovun film festival\"},\"image\":{\"@id\":\"https:\/\/cinehill.eu\/en\/#\/schema\/logo\/image\/\"},\"sameAs\":[\"https:\/\/www.facebook.com\/MotovunFilmFestival\/\"]}]}<\/script>\n<!-- \/ Yoast SEO plugin. -->","yoast_head_json":{"title":"Zdenko Jel\u010di\u0107: 50 years - Cinehill Film Festival","robots":{"index":"index","follow":"follow","max-snippet":"max-snippet:-1","max-image-preview":"max-image-preview:large","max-video-preview":"max-video-preview:-1"},"canonical":"https:\/\/cinehill.eu\/en\/zdenko-jelcic-50-years\/","og_locale":"en_US","og_type":"article","og_title":"Zdenko Jel\u010di\u0107: 50 years - Cinehill Film Festival","og_description":"MFF-2023 &#8211; Zdenko Jel\u010di\u0107: 50 years award Program \u0107e biti objavljen u srpnju. Prika\u017ei sve >>","og_url":"https:\/\/cinehill.eu\/en\/zdenko-jelcic-50-years\/","og_site_name":"Cinehill Film Festival","article_publisher":"https:\/\/www.facebook.com\/MotovunFilmFestival\/","article_modified_time":"2023-07-17T10:00:44+00:00","og_image":[{"width":804,"height":443,"url":"https:\/\/cinehill.eu\/wp-content\/uploads\/2024\/06\/cinehill-2024.png","type":"image\/png"}],"twitter_card":"summary_large_image","twitter_misc":{"Est. reading time":"1 minute"},"schema":{"@context":"https:\/\/schema.org","@graph":[{"@type":"WebPage","@id":"https:\/\/cinehill.eu\/en\/zdenko-jelcic-50-years\/","url":"https:\/\/cinehill.eu\/en\/zdenko-jelcic-50-years\/","name":"Zdenko Jel\u010di\u0107: 50 years - Cinehill Film Festival","isPartOf":{"@id":"https:\/\/cinehill.eu\/en\/#website"},"datePublished":"2023-07-16T18:05:06+00:00","dateModified":"2023-07-17T10:00:44+00:00","breadcrumb":{"@id":"https:\/\/cinehill.eu\/en\/zdenko-jelcic-50-years\/#breadcrumb"},"inLanguage":"en-US","potentialAction":[{"@type":"ReadAction","target":["https:\/\/cinehill.eu\/en\/zdenko-jelcic-50-years\/"]}]},{"@type":"BreadcrumbList","@id":"https:\/\/cinehill.eu\/en\/zdenko-jelcic-50-years\/#breadcrumb","itemListElement":[{"@type":"ListItem","position":1,"name":"Po\u010detna stranica","item":"https:\/\/cinehill.eu\/en\/"},{"@type":"ListItem","position":2,"name":"Zdenko Jel\u010di\u0107: 50 years"}]},{"@type":"WebSite","@id":"https:\/\/cinehill.eu\/en\/#website","url":"https:\/\/cinehill.eu\/en\/","name":"Cinehill Film Festival","description":"Cinehill je festival s du\u0161om!","publisher":{"@id":"https:\/\/cinehill.eu\/en\/#organization"},"potentialAction":[{"@type":"SearchAction","target":{"@type":"EntryPoint","urlTemplate":"https:\/\/cinehill.eu\/en\/?s={search_term_string}"},"query-input":{"@type":"PropertyValueSpecification","valueRequired":true,"valueName":"search_term_string"}}],"inLanguage":"en-US"},{"@type":"Organization","@id":"https:\/\/cinehill.eu\/en\/#organization","name":"Motovun film festival","url":"https:\/\/cinehill.eu\/en\/","logo":{"@type":"ImageObject","inLanguage":"en-US","@id":"https:\/\/cinehill.eu\/en\/#\/schema\/logo\/image\/","url":"https:\/\/cinehill.eu\/wp-content\/uploads\/2019\/07\/znak-mff.png","contentUrl":"https:\/\/cinehill.eu\/wp-content\/uploads\/2019\/07\/znak-mff.png","width":163,"height":164,"caption":"Motovun film festival"},"image":{"@id":"https:\/\/cinehill.eu\/en\/#\/schema\/logo\/image\/"},"sameAs":["https:\/\/www.facebook.com\/MotovunFilmFestival\/"]}]}},"_links":{"self":[{"href":"https:\/\/cinehill.eu\/en\/wp-json\/wp\/v2\/pages\/48858","targetHints":{"allow":["GET"]}}],"collection":[{"href":"https:\/\/cinehill.eu\/en\/wp-json\/wp\/v2\/pages"}],"about":[{"href":"https:\/\/cinehill.eu\/en\/wp-json\/wp\/v2\/types\/page"}],"author":[{"embeddable":true,"href":"https:\/\/cinehill.eu\/en\/wp-json\/wp\/v2\/users\/1"}],"replies":[{"embeddable":true,"href":"https:\/\/cinehill.eu\/en\/wp-json\/wp\/v2\/comments?post=48858"}],"version-history":[{"count":12,"href":"https:\/\/cinehill.eu\/en\/wp-json\/wp\/v2\/pages\/48858\/revisions"}],"predecessor-version":[{"id":48925,"href":"https:\/\/cinehill.eu\/en\/wp-json\/wp\/v2\/pages\/48858\/revisions\/48925"}],"wp:attachment":[{"href":"https:\/\/cinehill.eu\/en\/wp-json\/wp\/v2\/media?parent=48858"}],"curies":[{"name":"wp","href":"https:\/\/api.w.org\/{rel}","templated":true}]}}